{"id":12732,"date":"2025-03-04T12:15:12","date_gmt":"2025-03-04T11:15:12","guid":{"rendered":"https:\/\/la-ptite-cerise.be\/produit\/12732\/"},"modified":"2025-06-10T16:05:18","modified_gmt":"2025-06-10T14:05:18","slug":"12732","status":"publish","type":"product","link":"https:\/\/la-ptite-cerise.be\/en\/produit\/12732\/","title":{"rendered":"BRESIL Mountain NATURE"},"content":{"rendered":"<h3 class=\"\" data-start=\"2039\" data-end=\"2105\">\ud83c\udf3e A community-grown Brazilian coffee with purpose and balance<\/h3>\n<p class=\"\" data-start=\"2107\" data-end=\"2535\"><strong data-start=\"2107\" data-end=\"2115\">Farm<\/strong>: Serra do Ciganos Community<br data-start=\"2143\" data-end=\"2146\" \/><strong data-start=\"2146\" data-end=\"2159\">Producers<\/strong>: Community collective (led by Jo\u00e3o Hamilton dos Santos)<br data-start=\"2215\" data-end=\"2218\" \/><strong data-start=\"2218\" data-end=\"2228\">Region<\/strong>: Mogiana, S\u00e3o Paulo \/ Minas Gerais, Brazil<br data-start=\"2271\" data-end=\"2274\" \/><strong data-start=\"2274\" data-end=\"2286\">Altitude<\/strong>: 1200\u20131350 m<br data-start=\"2299\" data-end=\"2302\" \/><strong data-start=\"2302\" data-end=\"2313\">Species<\/strong>: Arabica<br data-start=\"2322\" data-end=\"2325\" \/><strong data-start=\"2325\" data-end=\"2336\">Variety<\/strong>: Catuai<br data-start=\"2344\" data-end=\"2347\" \/><strong data-start=\"2347\" data-end=\"2358\">Harvest<\/strong>: \u2014<br data-start=\"2361\" data-end=\"2364\" \/><strong data-start=\"2364\" data-end=\"2385\">Harvesting Method<\/strong>: Hand-picked<br data-start=\"2398\" data-end=\"2401\" \/><strong data-start=\"2401\" data-end=\"2412\">Process<\/strong>: Natural<br data-start=\"2421\" data-end=\"2424\" \/><strong data-start=\"2424\" data-end=\"2434\">Drying<\/strong>: Patio<\/p>\n<hr class=\"\" data-start=\"2537\" data-end=\"2540\" \/>\n<h3 class=\"\" data-start=\"2542\" data-end=\"2563\">About this coffee<\/h3>\n<p class=\"\" data-start=\"2565\" data-end=\"2874\">High in the mountains on the border of S\u00e3o Paulo and Minas Gerais, the <strong data-start=\"2636\" data-end=\"2656\">Serra do Ciganos<\/strong> community cultivates coffee with a shared commitment to quality and sustainability. In 2008, they partnered with <strong data-start=\"2770\" data-end=\"2785\">FAF Coffees<\/strong> to shift away from commodity coffee and focus on producing high-quality, traceable lots.<\/p>\n<p class=\"\" data-start=\"2876\" data-end=\"3117\">A <strong data-start=\"2878\" data-end=\"2900\">community wet mill<\/strong> was built with support from Jo\u00e3o Hamilton dos Santos to process coffees for the <strong data-start=\"2981\" data-end=\"2995\">Bob-o-Link<\/strong> project. With improved post-harvest techniques and the use of African beds, they have significantly enhanced cup quality.<\/p>\n<p class=\"\" data-start=\"3119\" data-end=\"3350\">This lot is classified <strong data-start=\"3142\" data-end=\"3151\">HNV 2<\/strong> (High Nature Value), part of FAF\u2019s sustainability index. At this level, farms eliminate the use of agrochemicals, relying instead on natural biological solutions using beneficial fungi and bacteria.<\/p>\n<p class=\"\" data-start=\"3352\" data-end=\"3613\">Situated between the Atlantic rainforest and the Cerrado savannah, the region enjoys abundant sunshine, enhancing plant photosynthesis. In the cup, expect a smooth body, gentle sweetness, a lingering finish, and flavours reminiscent of cereals and roasted nuts.<\/p>\n<p class=\"\" data-start=\"3615\" data-end=\"3702\"><strong data-start=\"3615\" data-end=\"3702\">A clean, collaborative coffee that speaks to regeneration and respect for the land.<\/strong><\/p>\n<h2 class=\"\" data-start=\"119\" data-end=\"158\">\ud83c\udf0a Fresh Coffee Clean Ocean (FCCO)<\/h2>\n<h3 class=\"\" data-start=\"159\" data-end=\"193\">Cleaner coffee, cleaner oceans<\/h3>\n<p class=\"\" data-start=\"195\" data-end=\"329\">At <strong data-start=\"198\" data-end=\"218\">La P\u2019tite Cerise<\/strong>, we\u2019re proud to support the <strong data-start=\"247\" data-end=\"282\">FCCO \u2013 Fresh Coffee Clean Ocean<\/strong> initiative, led by our sourcing partner Belco.<\/p>\n<p class=\"\" data-start=\"331\" data-end=\"465\"><strong data-start=\"331\" data-end=\"344\">The goal?<\/strong> To reduce the environmental footprint of coffee transport by choosing <strong data-start=\"415\" data-end=\"438\">sailing cargo ships<\/strong> over conventional freight.<\/p>\n<hr class=\"\" data-start=\"467\" data-end=\"470\" \/>\n<h3 class=\"\" data-start=\"472\" data-end=\"506\">\ud83d\udea2 Why sail-powered transport?<\/h3>\n<ul data-start=\"508\" data-end=\"766\">\n<li class=\"\" data-start=\"508\" data-end=\"576\">\n<p class=\"\" data-start=\"510\" data-end=\"576\">\u2705 <strong data-start=\"512\" data-end=\"544\">Up to 90% less CO\u2082 emissions<\/strong> compared to traditional cargo<\/p>\n<\/li>\n<li class=\"\" data-start=\"577\" data-end=\"628\">\n<p class=\"\" data-start=\"579\" data-end=\"628\">\u2705 <strong data-start=\"581\" data-end=\"602\">No heavy fuel oil<\/strong> = less marine pollution<\/p>\n<\/li>\n<li class=\"\" data-start=\"629\" data-end=\"706\">\n<p class=\"\" data-start=\"631\" data-end=\"706\">\u2705 <strong data-start=\"633\" data-end=\"677\">Ventilated, temperature-controlled holds<\/strong> = better bean preservation<\/p>\n<\/li>\n<li class=\"\" data-start=\"707\" data-end=\"766\">\n<p class=\"\" data-start=\"709\" data-end=\"766\">\u2705 <strong data-start=\"711\" data-end=\"742\">Shorter, more direct routes<\/strong> (around 20 days vs. 45)<\/p>\n<\/li>\n<\/ul>\n<hr class=\"\" data-start=\"768\" data-end=\"771\" \/>\n<h3 class=\"\" data-start=\"773\" data-end=\"804\">\ud83c\udf3f Coffee with a conscience<\/h3>\n<p class=\"\" data-start=\"806\" data-end=\"865\">By choosing FCCO-labelled lots, we offer you coffee that\u2019s:<\/p>\n<ul data-start=\"867\" data-end=\"1033\">\n<li class=\"\" data-start=\"867\" data-end=\"907\">\n<p class=\"\" data-start=\"869\" data-end=\"907\">\ud83c\udf0d <strong data-start=\"872\" data-end=\"887\">Responsible<\/strong>, from farm to cup<\/p>\n<\/li>\n<li class=\"\" data-start=\"908\" data-end=\"963\">\n<p class=\"\" data-start=\"910\" data-end=\"963\">\ud83c\udf0a <strong data-start=\"913\" data-end=\"931\">Ocean-friendly<\/strong>, protecting marine ecosystems<\/p>\n<\/li>\n<li class=\"\" data-start=\"964\" data-end=\"1033\">\n<p class=\"\" data-start=\"966\" data-end=\"1033\">\u267b\ufe0f <strong data-start=\"969\" data-end=\"996\">Aligned with our values<\/strong> of sustainability and transparency<\/p>\n<\/li>\n<\/ul>\n<hr class=\"\" data-start=\"1035\" data-end=\"1038\" \/>\n<p class=\"\" data-start=\"1040\" data-end=\"1099\"><strong data-start=\"1040\" data-end=\"1097\">Good coffee tastes even better when it travels clean.<\/strong><\/p>\n<p class=\"\" data-start=\"1101\" data-end=\"1164\">\ud83d\udc49 Learn more about the project: <a class=\"\" href=\"https:\/\/www.fcco.fr\" target=\"_new\" rel=\"noopener\" data-start=\"1134\" data-end=\"1164\">fcco.fr<\/a><\/p>\n","protected":false},"excerpt":{"rendered":"<h4>(50\u20ac\/kg)<\/h4>\n<p><strong data-start=\"2444\" data-end=\"2457\">SCA Score<\/strong>: 82.5<br data-start=\"2463\" data-end=\"2466\" \/><strong data-start=\"2466\" data-end=\"2483\" data-is-only-node=\"\">Tasting Notes<\/strong>: Cereal, milk chocolate, hazelnut, peanut, walnut<\/p>\n<p><img loading=\"lazy\" decoding=\"async\" class=\"alignnone size-medium wp-image-12128\" src=\"https:\/\/la-ptite-cerise.be\/wp-content\/uploads\/2025\/01\/FR-LOGO-BG-BLEU-138x300.png\" alt=\"\" width=\"138\" height=\"300\" srcset=\"https:\/\/la-ptite-cerise.be\/wp-content\/uploads\/2025\/01\/FR-LOGO-BG-BLEU-138x300.png 138w, https:\/\/la-ptite-cerise.be\/wp-content\/uploads\/2025\/01\/FR-LOGO-BG-BLEU-150x327.png 150w, https:\/\/la-ptite-cerise.be\/wp-content\/uploads\/2025\/01\/FR-LOGO-BG-BLEU-1200x2615.png 1200w, https:\/\/la-ptite-cerise.be\/wp-content\/uploads\/2025\/01\/FR-LOGO-BG-BLEU-470x1024.png 470w, https:\/\/la-ptite-cerise.be\/wp-content\/uploads\/2025\/01\/FR-LOGO-BG-BLEU-768x1674.png 768w, https:\/\/la-ptite-cerise.be\/wp-content\/uploads\/2025\/01\/FR-LOGO-BG-BLEU-705x1536.png 705w, https:\/\/la-ptite-cerise.be\/wp-content\/uploads\/2025\/01\/FR-LOGO-BG-BLEU-940x2048.png 940w, https:\/\/la-ptite-cerise.be\/wp-content\/uploads\/2025\/01\/FR-LOGO-BG-BLEU-scaled.png 1175w\" sizes=\"auto, (max-width: 138px) 100vw, 138px\" \/><\/p>\n","protected":false},"featured_media":12345,"template":"","meta":[],"product_brand":[],"product_cat":[139],"product_tag":[],"class_list":{"0":"post-12732","1":"product","2":"type-product","3":"status-publish","4":"has-post-thumbnail","6":"product_cat-coffee","8":"first","9":"outofstock","10":"taxable","11":"shipping-taxable","12":"purchasable","13":"product-type-variable"},"yoast_head":"<!-- This site is optimized with the Yoast SEO plugin v25.7 - https:\/\/yoast.com\/wordpress\/plugins\/seo\/ -->\n<title>BRESIL Mountain NATURE - La P&#039;tite Cerise<\/title>\n<meta name=\"robots\" content=\"index, follow, max-snippet:-1, max-image-preview:large, max-video-preview:-1\" \/>\n<link rel=\"canonical\" href=\"https:\/\/la-ptite-cerise.be\/produit\/bresil-mogiana-serra-do-cigano-mountain-nature-by-sail\/\" \/>\n<meta property=\"og:locale\" content=\"en_US\" \/>\n<meta property=\"og:type\" content=\"article\" \/>\n<meta property=\"og:title\" content=\"BRESIL Mountain NATURE - La P&#039;tite Cerise\" \/>\n<meta property=\"og:description\" content=\"(50\u20ac\/kg) SCA Score: 82.5Tasting Notes: Cereal, milk chocolate, hazelnut, peanut, walnut\" \/>\n<meta property=\"og:url\" content=\"https:\/\/la-ptite-cerise.be\/produit\/bresil-mogiana-serra-do-cigano-mountain-nature-by-sail\/\" \/>\n<meta property=\"og:site_name\" content=\"La P&#039;tite Cerise\" \/>\n<meta property=\"article:publisher\" content=\"https:\/\/www.facebook.com\/laptitecerise\/\" \/>\n<meta property=\"article:modified_time\" content=\"2025-06-10T14:05:18+00:00\" \/>\n<meta property=\"og:image\" content=\"https:\/\/la-ptite-cerise.be\/wp-content\/uploads\/2025\/03\/thumbnail_\u2022Etiquettes-500x500px-Mountain.png\" \/>\n\t<meta property=\"og:image:width\" content=\"500\" \/>\n\t<meta property=\"og:image:height\" content=\"500\" \/>\n\t<meta property=\"og:image:type\" content=\"image\/png\" \/>\n<meta name=\"twitter:card\" content=\"summary_large_image\" \/>\n<meta name=\"twitter:label1\" content=\"Est. reading time\" \/>\n\t<meta name=\"twitter:data1\" content=\"2 minutes\" \/>\n<script type=\"application\/ld+json\" class=\"yoast-schema-graph\">{\"@context\":\"https:\/\/schema.org\",\"@graph\":[{\"@type\":\"WebPage\",\"@id\":\"https:\/\/la-ptite-cerise.be\/produit\/bresil-mogiana-serra-do-cigano-mountain-nature-by-sail\/\",\"url\":\"https:\/\/la-ptite-cerise.be\/produit\/bresil-mogiana-serra-do-cigano-mountain-nature-by-sail\/\",\"name\":\"BRESIL Mountain NATURE - La P&#039;tite Cerise\",\"isPartOf\":{\"@id\":\"https:\/\/la-ptite-cerise.be\/#website\"},\"primaryImageOfPage\":{\"@id\":\"https:\/\/la-ptite-cerise.be\/produit\/bresil-mogiana-serra-do-cigano-mountain-nature-by-sail\/#primaryimage\"},\"image\":{\"@id\":\"https:\/\/la-ptite-cerise.be\/produit\/bresil-mogiana-serra-do-cigano-mountain-nature-by-sail\/#primaryimage\"},\"thumbnailUrl\":\"https:\/\/la-ptite-cerise.be\/wp-content\/uploads\/2025\/03\/thumbnail_\u2022Etiquettes-500x500px-Mountain.png\",\"datePublished\":\"2025-03-04T11:15:12+00:00\",\"dateModified\":\"2025-06-10T14:05:18+00:00\",\"breadcrumb\":{\"@id\":\"https:\/\/la-ptite-cerise.be\/produit\/bresil-mogiana-serra-do-cigano-mountain-nature-by-sail\/#breadcrumb\"},\"inLanguage\":\"en-US\",\"potentialAction\":[{\"@type\":\"ReadAction\",\"target\":[\"https:\/\/la-ptite-cerise.be\/produit\/bresil-mogiana-serra-do-cigano-mountain-nature-by-sail\/\"]}]},{\"@type\":\"ImageObject\",\"inLanguage\":\"en-US\",\"@id\":\"https:\/\/la-ptite-cerise.be\/produit\/bresil-mogiana-serra-do-cigano-mountain-nature-by-sail\/#primaryimage\",\"url\":\"https:\/\/la-ptite-cerise.be\/wp-content\/uploads\/2025\/03\/thumbnail_\u2022Etiquettes-500x500px-Mountain.png\",\"contentUrl\":\"https:\/\/la-ptite-cerise.be\/wp-content\/uploads\/2025\/03\/thumbnail_\u2022Etiquettes-500x500px-Mountain.png\",\"width\":500,\"height\":500},{\"@type\":\"BreadcrumbList\",\"@id\":\"https:\/\/la-ptite-cerise.be\/produit\/bresil-mogiana-serra-do-cigano-mountain-nature-by-sail\/#breadcrumb\",\"itemListElement\":[{\"@type\":\"ListItem\",\"position\":1,\"name\":\"Accueil\",\"item\":\"https:\/\/la-ptite-cerise.be\/en\/\"},{\"@type\":\"ListItem\",\"position\":2,\"name\":\"Store\",\"item\":\"https:\/\/la-ptite-cerise.be\/boutique\/\"},{\"@type\":\"ListItem\",\"position\":3,\"name\":\"BRESIL Mountain NATURE\"}]},{\"@type\":\"WebSite\",\"@id\":\"https:\/\/la-ptite-cerise.be\/#website\",\"url\":\"https:\/\/la-ptite-cerise.be\/\",\"name\":\"La P'tite Cerise\",\"description\":\"Artisan torr\u00e9facteur de caf\u00e9 de sp\u00e9cialit\u00e9. S\u00e9lection de th\u00e9s &amp; tisanes.\",\"publisher\":{\"@id\":\"https:\/\/la-ptite-cerise.be\/#organization\"},\"potentialAction\":[{\"@type\":\"SearchAction\",\"target\":{\"@type\":\"EntryPoint\",\"urlTemplate\":\"https:\/\/la-ptite-cerise.be\/?s={search_term_string}\"},\"query-input\":{\"@type\":\"PropertyValueSpecification\",\"valueRequired\":true,\"valueName\":\"search_term_string\"}}],\"inLanguage\":\"en-US\"},{\"@type\":\"Organization\",\"@id\":\"https:\/\/la-ptite-cerise.be\/#organization\",\"name\":\"La P'tite Cerise\",\"url\":\"https:\/\/la-ptite-cerise.be\/\",\"logo\":{\"@type\":\"ImageObject\",\"inLanguage\":\"en-US\",\"@id\":\"https:\/\/la-ptite-cerise.be\/#\/schema\/logo\/image\/\",\"url\":\"https:\/\/la-ptite-cerise.be\/wp-content\/uploads\/2020\/10\/logo-header-01.jpg\",\"contentUrl\":\"https:\/\/la-ptite-cerise.be\/wp-content\/uploads\/2020\/10\/logo-header-01.jpg\",\"width\":176,\"height\":100,\"caption\":\"La P'tite Cerise\"},\"image\":{\"@id\":\"https:\/\/la-ptite-cerise.be\/#\/schema\/logo\/image\/\"},\"sameAs\":[\"https:\/\/www.facebook.com\/laptitecerise\/\",\"https:\/\/www.instagram.com\/la.ptite_cerise\/\"]}]}<\/script>\n<!-- \/ Yoast SEO plugin. -->","yoast_head_json":{"title":"BRESIL Mountain NATURE - La P&#039;tite Cerise","robots":{"index":"index","follow":"follow","max-snippet":"max-snippet:-1","max-image-preview":"max-image-preview:large","max-video-preview":"max-video-preview:-1"},"canonical":"https:\/\/la-ptite-cerise.be\/produit\/bresil-mogiana-serra-do-cigano-mountain-nature-by-sail\/","og_locale":"en_US","og_type":"article","og_title":"BRESIL Mountain NATURE - La P&#039;tite Cerise","og_description":"(50\u20ac\/kg) SCA Score: 82.5Tasting Notes: Cereal, milk chocolate, hazelnut, peanut, walnut","og_url":"https:\/\/la-ptite-cerise.be\/produit\/bresil-mogiana-serra-do-cigano-mountain-nature-by-sail\/","og_site_name":"La P&#039;tite Cerise","article_publisher":"https:\/\/www.facebook.com\/laptitecerise\/","article_modified_time":"2025-06-10T14:05:18+00:00","og_image":[{"width":500,"height":500,"url":"https:\/\/la-ptite-cerise.be\/wp-content\/uploads\/2025\/03\/thumbnail_\u2022Etiquettes-500x500px-Mountain.png","type":"image\/png"}],"twitter_card":"summary_large_image","twitter_misc":{"Est. reading time":"2 minutes"},"schema":{"@context":"https:\/\/schema.org","@graph":[{"@type":"WebPage","@id":"https:\/\/la-ptite-cerise.be\/produit\/bresil-mogiana-serra-do-cigano-mountain-nature-by-sail\/","url":"https:\/\/la-ptite-cerise.be\/produit\/bresil-mogiana-serra-do-cigano-mountain-nature-by-sail\/","name":"BRESIL Mountain NATURE - La P&#039;tite Cerise","isPartOf":{"@id":"https:\/\/la-ptite-cerise.be\/#website"},"primaryImageOfPage":{"@id":"https:\/\/la-ptite-cerise.be\/produit\/bresil-mogiana-serra-do-cigano-mountain-nature-by-sail\/#primaryimage"},"image":{"@id":"https:\/\/la-ptite-cerise.be\/produit\/bresil-mogiana-serra-do-cigano-mountain-nature-by-sail\/#primaryimage"},"thumbnailUrl":"https:\/\/la-ptite-cerise.be\/wp-content\/uploads\/2025\/03\/thumbnail_\u2022Etiquettes-500x500px-Mountain.png","datePublished":"2025-03-04T11:15:12+00:00","dateModified":"2025-06-10T14:05:18+00:00","breadcrumb":{"@id":"https:\/\/la-ptite-cerise.be\/produit\/bresil-mogiana-serra-do-cigano-mountain-nature-by-sail\/#breadcrumb"},"inLanguage":"en-US","potentialAction":[{"@type":"ReadAction","target":["https:\/\/la-ptite-cerise.be\/produit\/bresil-mogiana-serra-do-cigano-mountain-nature-by-sail\/"]}]},{"@type":"ImageObject","inLanguage":"en-US","@id":"https:\/\/la-ptite-cerise.be\/produit\/bresil-mogiana-serra-do-cigano-mountain-nature-by-sail\/#primaryimage","url":"https:\/\/la-ptite-cerise.be\/wp-content\/uploads\/2025\/03\/thumbnail_\u2022Etiquettes-500x500px-Mountain.png","contentUrl":"https:\/\/la-ptite-cerise.be\/wp-content\/uploads\/2025\/03\/thumbnail_\u2022Etiquettes-500x500px-Mountain.png","width":500,"height":500},{"@type":"BreadcrumbList","@id":"https:\/\/la-ptite-cerise.be\/produit\/bresil-mogiana-serra-do-cigano-mountain-nature-by-sail\/#breadcrumb","itemListElement":[{"@type":"ListItem","position":1,"name":"Accueil","item":"https:\/\/la-ptite-cerise.be\/en\/"},{"@type":"ListItem","position":2,"name":"Store","item":"https:\/\/la-ptite-cerise.be\/boutique\/"},{"@type":"ListItem","position":3,"name":"BRESIL Mountain NATURE"}]},{"@type":"WebSite","@id":"https:\/\/la-ptite-cerise.be\/#website","url":"https:\/\/la-ptite-cerise.be\/","name":"La P'tite Cerise","description":"Artisan torr\u00e9facteur de caf\u00e9 de sp\u00e9cialit\u00e9. S\u00e9lection de th\u00e9s &amp; tisanes.","publisher":{"@id":"https:\/\/la-ptite-cerise.be\/#organization"},"potentialAction":[{"@type":"SearchAction","target":{"@type":"EntryPoint","urlTemplate":"https:\/\/la-ptite-cerise.be\/?s={search_term_string}"},"query-input":{"@type":"PropertyValueSpecification","valueRequired":true,"valueName":"search_term_string"}}],"inLanguage":"en-US"},{"@type":"Organization","@id":"https:\/\/la-ptite-cerise.be\/#organization","name":"La P'tite Cerise","url":"https:\/\/la-ptite-cerise.be\/","logo":{"@type":"ImageObject","inLanguage":"en-US","@id":"https:\/\/la-ptite-cerise.be\/#\/schema\/logo\/image\/","url":"https:\/\/la-ptite-cerise.be\/wp-content\/uploads\/2020\/10\/logo-header-01.jpg","contentUrl":"https:\/\/la-ptite-cerise.be\/wp-content\/uploads\/2020\/10\/logo-header-01.jpg","width":176,"height":100,"caption":"La P'tite Cerise"},"image":{"@id":"https:\/\/la-ptite-cerise.be\/#\/schema\/logo\/image\/"},"sameAs":["https:\/\/www.facebook.com\/laptitecerise\/","https:\/\/www.instagram.com\/la.ptite_cerise\/"]}]}},"_links":{"self":[{"href":"https:\/\/la-ptite-cerise.be\/en\/wp-json\/wp\/v2\/product\/12732","targetHints":{"allow":["GET"]}}],"collection":[{"href":"https:\/\/la-ptite-cerise.be\/en\/wp-json\/wp\/v2\/product"}],"about":[{"href":"https:\/\/la-ptite-cerise.be\/en\/wp-json\/wp\/v2\/types\/product"}],"wp:featuredmedia":[{"embeddable":true,"href":"https:\/\/la-ptite-cerise.be\/en\/wp-json\/wp\/v2\/media\/12345"}],"wp:attachment":[{"href":"https:\/\/la-ptite-cerise.be\/en\/wp-json\/wp\/v2\/media?parent=12732"}],"wp:term":[{"taxonomy":"product_brand","embeddable":true,"href":"https:\/\/la-ptite-cerise.be\/en\/wp-json\/wp\/v2\/product_brand?post=12732"},{"taxonomy":"product_cat","embeddable":true,"href":"https:\/\/la-ptite-cerise.be\/en\/wp-json\/wp\/v2\/product_cat?post=12732"},{"taxonomy":"product_tag","embeddable":true,"href":"https:\/\/la-ptite-cerise.be\/en\/wp-json\/wp\/v2\/product_tag?post=12732"}],"curies":[{"name":"wp","href":"https:\/\/api.w.org\/{rel}","templated":true}]}}